{"id":29455,"date":"2025-04-30T14:49:14","date_gmt":"2025-04-30T12:49:14","guid":{"rendered":"https:\/\/msj.dk\/?page_id=29455"},"modified":"2026-09-01T09:39:00","modified_gmt":"2026-09-01T07:39:00","slug":"kulturgeschichte-tondern","status":"publish","type":"page","link":"https:\/\/msj.dk\/de\/kulturgeschichte-tondern\/","title":{"rendered":"Kulturgeschichte Tondern"},"content":{"rendered":"<div id=\"pl-29455\"  class=\"panel-layout\" ><div id=\"pg-29455-0\"  class=\"panel-grid panel-no-style\" ><div id=\"pgc-29455-0-0\"  class=\"panel-grid-cell\" ><div id=\"panel-29455-0-0-0\" class=\"so-panel widget widget_mtt-cover-museums panel-first-child\" data-index=\"0\" ><div\n\t\t\t\n\t\t\tclass=\"so-widget-mtt-cover-museums so-widget-mtt-cover-museums-base\"\n\t\t\t\n\t\t>\n<section class=\"mtt-cover-museums\">\n\n    <div class=\"mtt-cover-museums__inner page_container\">\n        <div class=\"mtt-cover-museums__text-container\">\n                            <h1 class=\"mtt-cover-museums__title bg-color\">\n                    <span class=\"c_prim_custom_background\">Kulturgeschichte <\/span><br><span class=\"c_prim_custom_background\"> Tondern<\/span>                <\/h1>\n                                        <div class=\"mtt-cover-museums__text\">\n                    <span class=\"\">Das Museum ist seit dem 1. September geschlossen, da es umfassend modernisiert wird.  Die Wiederer\u00f6ffnung ist f\u00fcr das Jahr 2028 geplant.<\/span>                <\/div>\n            \n            \n                    <\/div>\n    <\/div>\n\n            <div class=\"mtt-cover-museums__overlay default\" style=\"opacity: 0.2;\"><\/div>\n    \n    \n                    <div class=\"mtt-cover-museums__image-container object-fit\">\n                <img decoding=\"async\" width=\"2000\" height=\"1125\" src=\"https:\/\/msj.dk\/wp-content\/uploads\/2026\/09\/guldhorn-header-scaled-2000x1125.jpg\" class=\"attachment-2000x2000x size-2000x2000x\" alt=\"\" srcset=\"https:\/\/msj.dk\/wp-content\/uploads\/2026\/09\/guldhorn-header-scaled-2000x1125.jpg 2000w, https:\/\/msj.dk\/wp-content\/uploads\/2026\/09\/guldhorn-header-scaled-300x169.jpg 300w, https:\/\/msj.dk\/wp-content\/uploads\/2026\/09\/guldhorn-header-scaled-1024x576.jpg 1024w\" sizes=\"(max-width: 2000px) 100vw, 2000px\" \/>            <\/div>\n        \n    \n<\/section><\/div><\/div><div id=\"panel-29455-0-0-1\" class=\"so-panel widget widget_mtt-text-image-museums\" data-index=\"1\" ><div\n\t\t\t\n\t\t\tclass=\"so-widget-mtt-text-image-museums so-widget-mtt-text-image-museums-base\"\n\t\t\t\n\t\t>\n<section class=\"mtt-text-image-museums mtt-text-image-museums--image-right\">\n\n        <div class=\"mtt-text-image-museums__inner page_container\">\n            <div class=\"mtt-text-image-museums__text-container\">\n                                    <h2 class=\"mtt-text-image-museums__title bg-color\">\n                        <span class=\"c_secondary_custom_background\">Kulturgeschichte und <\/span><br><span class=\"c_secondary_custom_background\"> Design vereint<\/span>                    <\/h2>\n                                                    <div class=\"mtt-text-image-museums__text\"><p>Das Museum ist seit dem 1. September geschlossen, da es umfassend modernisiert wird.<\/p>\n<p>Die Wiederer\u00f6ffnung ist f\u00fcr das Jahr 2028 geplant.<\/p>\n<\/div>\n                                            <\/div>\n\n            <div class=\"mtt-text-image-museums__image-container with-image\">\n\n                <div class=\"image object-fit\">\n                    <img decoding=\"async\" width=\"1200\" height=\"675\" src=\"https:\/\/msj.dk\/wp-content\/uploads\/2026\/07\/nedlukning-1200x675.jpg\" class=\"attachment-1200x1200x size-1200x1200x\" alt=\"\" srcset=\"https:\/\/msj.dk\/wp-content\/uploads\/2026\/07\/nedlukning-1200x675.jpg 1200w, https:\/\/msj.dk\/wp-content\/uploads\/2026\/07\/nedlukning-300x169.jpg 300w, https:\/\/msj.dk\/wp-content\/uploads\/2026\/07\/nedlukning-1024x576.jpg 1024w, https:\/\/msj.dk\/wp-content\/uploads\/2026\/07\/nedlukning-768x432.jpg 768w, https:\/\/msj.dk\/wp-content\/uploads\/2026\/07\/nedlukning.jpg 2000w\" sizes=\"(max-width: 1200px) 100vw, 1200px\" \/>                <\/div>\n\n                \n            <\/div>\n        <\/div>\n<\/section><\/div><\/div><div id=\"panel-29455-0-0-2\" class=\"so-panel widget widget_mtt-image-slider\" data-index=\"2\" ><div\n\t\t\t\n\t\t\tclass=\"so-widget-mtt-image-slider so-widget-mtt-image-slider-base\"\n\t\t\t\n\t\t><section class=\"mtt-image-slider\">\n    <div class=\"page_container\">\n        <div class=\"mtt-image-slider__inner\">\n\n                <div class=\"swiper\">\n                    <div class=\"swiper-wrapper\">\n\n                                            \n                                                            <div class=\"mtt-image-slider__repeater-item swiper-slide\">\n                            \n                                                                        <div class=\"mtt-image-slider__image-container object-fit\">\n                                            <img decoding=\"async\" width=\"423\" height=\"288\" src=\"https:\/\/msj.dk\/wp-content\/uploads\/2025\/05\/1-19.jpg\" class=\"mtt-image-slider__image\" alt=\"Die kulturgeschichtliche Ausstellung im Museum f\u00fcr Kulturgeschichte Tondern\" srcset=\"https:\/\/msj.dk\/wp-content\/uploads\/2025\/05\/1-19.jpg 423w, https:\/\/msj.dk\/wp-content\/uploads\/2025\/05\/1-19-300x204.jpg 300w\" sizes=\"(max-width: 423px) 100vw, 423px\" \/>                                        <\/div>\n                                        <div class=\"mtt-image-slider__text-container\">\n                                            <div class=\"mtt-image-slider__text\"><\/div>\n                                            <p class=\"mtt-image-slider__desc\"><\/p>\n                                        <\/div>\n                                                                                                \n                                                            <\/div>\n                            \n                        \n                                                            <div class=\"mtt-image-slider__repeater-item swiper-slide\">\n                            \n                                                                        <div class=\"mtt-image-slider__image-container object-fit\">\n                                            <img decoding=\"async\" width=\"423\" height=\"288\" src=\"https:\/\/msj.dk\/wp-content\/uploads\/2025\/05\/2-20.jpg\" class=\"mtt-image-slider__image\" alt=\"Eine Frau betrachtet die holl\u00e4ndischen Fliesen\" srcset=\"https:\/\/msj.dk\/wp-content\/uploads\/2025\/05\/2-20.jpg 423w, https:\/\/msj.dk\/wp-content\/uploads\/2025\/05\/2-20-300x204.jpg 300w\" sizes=\"(max-width: 423px) 100vw, 423px\" \/>                                        <\/div>\n                                        <div class=\"mtt-image-slider__text-container\">\n                                            <div class=\"mtt-image-slider__text\"><\/div>\n                                            <p class=\"mtt-image-slider__desc\"><\/p>\n                                        <\/div>\n                                                                                                \n                                                            <\/div>\n                            \n                        \n                                                            <div class=\"mtt-image-slider__repeater-item swiper-slide\">\n                            \n                                                                        <div class=\"mtt-image-slider__image-container object-fit\">\n                                            <img decoding=\"async\" width=\"423\" height=\"288\" src=\"https:\/\/msj.dk\/wp-content\/uploads\/2025\/05\/3-20.jpg\" class=\"mtt-image-slider__image\" alt=\"Ein Stuhl von Hans J. Wegner in der Ausstellung im Museum f\u00fcr Kulturgeschichte in Tondern\" srcset=\"https:\/\/msj.dk\/wp-content\/uploads\/2025\/05\/3-20.jpg 423w, https:\/\/msj.dk\/wp-content\/uploads\/2025\/05\/3-20-300x204.jpg 300w\" sizes=\"(max-width: 423px) 100vw, 423px\" \/>                                        <\/div>\n                                        <div class=\"mtt-image-slider__text-container\">\n                                            <div class=\"mtt-image-slider__text\"><\/div>\n                                            <p class=\"mtt-image-slider__desc\"><\/p>\n                                        <\/div>\n                                                                                                \n                                                            <\/div>\n                            \n                                            \n                    <\/div>\n                <\/div>\n\n        <\/div>\n    <\/div>\n<\/section><\/div><\/div><div id=\"panel-29455-0-0-3\" class=\"so-panel widget widget_mtt-text-image-museums\" data-index=\"3\" ><div\n\t\t\t\n\t\t\tclass=\"so-widget-mtt-text-image-museums so-widget-mtt-text-image-museums-base\"\n\t\t\t\n\t\t>\n<section class=\"mtt-text-image-museums mtt-text-image-museums--image-right\">\n\n        <div class=\"mtt-text-image-museums__inner page_container\">\n            <div class=\"mtt-text-image-museums__text-container\">\n                                    <h2 class=\"mtt-text-image-museums__title\">\n                        <span class=\"\">Noch mehr entdecken<\/span>                    <\/h2>\n                                                    <div class=\"mtt-text-image-museums__text\"><p>Besuchen Sie auch die anderen Museen des Museums S\u00f8nderjylland.<\/p>\n<p>Kaufen Sie das <a href=\"https:\/\/billet.msj.dk\/ferie\">Ferienticket<\/a> und genie\u00dfen Sie unbegrenzten Eintritt in die 10 Museen des Museums S\u00f8nderjylland f\u00fcr 14 Tage.<\/p>\n<p>Bl\u00e4ttern Sie unten durch die Bilder und entdecken Sie, was die anderen Museen zu bieten haben.<\/p>\n<\/div>\n                                            <\/div>\n\n            <div class=\"mtt-text-image-museums__image-container with-image with-graphics\">\n\n                <div class=\"image object-fit\">\n                                    <\/div>\n\n                \n            <\/div>\n        <\/div>\n<\/section><\/div><\/div><div id=\"panel-29455-0-0-4\" class=\"so-panel widget widget_mtt-image-slider\" data-index=\"4\" ><div class=\"panel-widget-style panel-widget-style-for-29455-0-0-4\" ><div\n\t\t\t\n\t\t\tclass=\"so-widget-mtt-image-slider so-widget-mtt-image-slider-base\"\n\t\t\t\n\t\t><section class=\"mtt-image-slider\">\n    <div class=\"page_container\">\n        <div class=\"mtt-image-slider__inner\">\n\n                <div class=\"swiper\">\n                    <div class=\"swiper-wrapper\">\n\n                                            \n                                                                                            <a class=\"mtt-image-slider__repeater-item swiper-slide with-link\" href=\"https:\/\/msj.dk\/de\/die-muehle-von-hoejer\/\" >\n                            \n                                                                        <div class=\"mtt-image-slider__image-container object-fit\">\n                                            <img decoding=\"async\" width=\"800\" height=\"545\" src=\"https:\/\/msj.dk\/wp-content\/uploads\/2026\/06\/muhl-800x545.jpg\" class=\"mtt-image-slider__image\" alt=\"\" srcset=\"https:\/\/msj.dk\/wp-content\/uploads\/2026\/06\/muhl-800x545.jpg 800w, https:\/\/msj.dk\/wp-content\/uploads\/2026\/06\/muhl-300x204.jpg 300w, https:\/\/msj.dk\/wp-content\/uploads\/2026\/06\/muhl.jpg 881w\" sizes=\"(max-width: 800px) 100vw, 800px\" \/>                                        <\/div>\n                                        <div class=\"mtt-image-slider__text-container\">\n                                            <div class=\"mtt-image-slider__text\">Die M\u00fchle von H\u00f8jer<\/div>\n                                            <p class=\"mtt-image-slider__desc\">Hier klicken und mehr erfahren<\/p>\n                                        <\/div>\n                                                                                                \n                                                            <\/a>\n                            \n                        \n                                                                                            <a class=\"mtt-image-slider__repeater-item swiper-slide with-link\" href=\"https:\/\/msj.dk\/de\/droehses-haus\/\" >\n                            \n                                                                        <div class=\"mtt-image-slider__image-container object-fit\">\n                                            <img decoding=\"async\" width=\"423\" height=\"288\" src=\"https:\/\/msj.dk\/wp-content\/uploads\/2017\/11\/droehses-hus.jpg\" class=\"mtt-image-slider__image\" alt=\"Eine Frau und ein Sohn betrachten die Kl\u00f6ppelsitzen\" srcset=\"https:\/\/msj.dk\/wp-content\/uploads\/2017\/11\/droehses-hus.jpg 423w, https:\/\/msj.dk\/wp-content\/uploads\/2017\/11\/droehses-hus-300x204.jpg 300w\" sizes=\"(max-width: 423px) 100vw, 423px\" \/>                                        <\/div>\n                                        <div class=\"mtt-image-slider__text-container\">\n                                            <div class=\"mtt-image-slider__text\">Dr\u00f8hses Haus in Tondern<\/div>\n                                            <p class=\"mtt-image-slider__desc\">Hier klicken und mehr erfahren<\/p>\n                                        <\/div>\n                                                                                                \n                                                            <\/a>\n                            \n                        \n                                                                                            <a class=\"mtt-image-slider__repeater-item swiper-slide with-link\" href=\"https:\/\/msj.dk\/de\/grammer-tongrube-palaeontologi\/\" >\n                            \n                                                                        <div class=\"mtt-image-slider__image-container object-fit\">\n                                            <img decoding=\"async\" width=\"423\" height=\"288\" src=\"https:\/\/msj.dk\/wp-content\/uploads\/2017\/11\/gram.jpg\" class=\"mtt-image-slider__image\" alt=\"Eine Junge h\u00e4lt in seiner Hand ein Haizahn von der Grammer Tongrube\" srcset=\"https:\/\/msj.dk\/wp-content\/uploads\/2017\/11\/gram.jpg 423w, https:\/\/msj.dk\/wp-content\/uploads\/2017\/11\/gram-300x204.jpg 300w\" sizes=\"(max-width: 423px) 100vw, 423px\" \/>                                        <\/div>\n                                        <div class=\"mtt-image-slider__text-container\">\n                                            <div class=\"mtt-image-slider__text\">Grammer Tongrube <\/div>\n                                            <p class=\"mtt-image-slider__desc\">Hier klicken und mehr erfahren<\/p>\n                                        <\/div>\n                                                                                                \n                                                            <\/a>\n                            \n                        \n                                                                                            <a class=\"mtt-image-slider__repeater-item swiper-slide with-link\" href=\"https:\/\/msj.dk\/de\/archaeologie\/\" >\n                            \n                                                                        <div class=\"mtt-image-slider__image-container object-fit\">\n                                            <img decoding=\"async\" width=\"564\" height=\"384\" src=\"https:\/\/msj.dk\/wp-content\/uploads\/2026\/06\/arkaeologi.jpg\" class=\"mtt-image-slider__image\" alt=\"\" srcset=\"https:\/\/msj.dk\/wp-content\/uploads\/2026\/06\/arkaeologi.jpg 564w, https:\/\/msj.dk\/wp-content\/uploads\/2026\/06\/arkaeologi-300x204.jpg 300w\" sizes=\"(max-width: 564px) 100vw, 564px\" \/>                                        <\/div>\n                                        <div class=\"mtt-image-slider__text-container\">\n                                            <div class=\"mtt-image-slider__text\">Arch\u00e4ologie Haderslev<\/div>\n                                            <p class=\"mtt-image-slider__desc\">Hier klicken und mehr erfahren<\/p>\n                                        <\/div>\n                                                                                                \n                                                            <\/a>\n                            \n                        \n                                                                                            <a class=\"mtt-image-slider__repeater-item swiper-slide with-link\" href=\"https:\/\/msj.dk\/de\/kunstmuseum-schloss-brundlund\/\" >\n                            \n                                                                        <div class=\"mtt-image-slider__image-container object-fit\">\n                                            <img decoding=\"async\" width=\"800\" height=\"545\" src=\"https:\/\/msj.dk\/wp-content\/uploads\/2026\/06\/brundlund-800x545.jpg\" class=\"mtt-image-slider__image\" alt=\"\" srcset=\"https:\/\/msj.dk\/wp-content\/uploads\/2026\/06\/brundlund-800x545.jpg 800w, https:\/\/msj.dk\/wp-content\/uploads\/2026\/06\/brundlund-300x204.jpg 300w, https:\/\/msj.dk\/wp-content\/uploads\/2026\/06\/brundlund.jpg 881w\" sizes=\"(max-width: 800px) 100vw, 800px\" \/>                                        <\/div>\n                                        <div class=\"mtt-image-slider__text-container\">\n                                            <div class=\"mtt-image-slider__text\">Kunstmuseum Schloss Brundlund <\/div>\n                                            <p class=\"mtt-image-slider__desc\">Hier klicken und mehr erfahren<\/p>\n                                        <\/div>\n                                                                                                \n                                                            <\/a>\n                            \n                        \n                                                                                            <a class=\"mtt-image-slider__repeater-item swiper-slide with-link\" href=\"https:\/\/msj.dk\/de\/kulturgeschichte-apenrade\/\" >\n                            \n                                                                        <div class=\"mtt-image-slider__image-container object-fit\">\n                                            <img decoding=\"async\" width=\"564\" height=\"384\" src=\"https:\/\/msj.dk\/wp-content\/uploads\/2025\/09\/kulturhistorie-aabenraa.jpg\" class=\"mtt-image-slider__image\" alt=\"Ung pige st\u00e5r med en lup vendt og unders\u00f8ger et maleri p\u00e5 Kulturhistorie Aabenraa\" srcset=\"https:\/\/msj.dk\/wp-content\/uploads\/2025\/09\/kulturhistorie-aabenraa.jpg 564w, https:\/\/msj.dk\/wp-content\/uploads\/2025\/09\/kulturhistorie-aabenraa-300x204.jpg 300w\" sizes=\"(max-width: 564px) 100vw, 564px\" \/>                                        <\/div>\n                                        <div class=\"mtt-image-slider__text-container\">\n                                            <div class=\"mtt-image-slider__text\">Kulturgeschichte Apenrade<\/div>\n                                            <p class=\"mtt-image-slider__desc\">Hier klicken und mehr erfahren<\/p>\n                                        <\/div>\n                                                                                                \n                                                            <\/a>\n                            \n                        \n                                                                                            <a class=\"mtt-image-slider__repeater-item swiper-slide with-link\" href=\"https:\/\/msj.dk\/de\/ziegelei-cathrinesminde\/\" >\n                            \n                                                                        <div class=\"mtt-image-slider__image-container object-fit\">\n                                            <img decoding=\"async\" width=\"800\" height=\"450\" src=\"https:\/\/msj.dk\/wp-content\/uploads\/2026\/06\/boern-ved-ringovnen-800x450.jpg\" class=\"mtt-image-slider__image\" alt=\"\" srcset=\"https:\/\/msj.dk\/wp-content\/uploads\/2026\/06\/boern-ved-ringovnen-800x450.jpg 800w, https:\/\/msj.dk\/wp-content\/uploads\/2026\/06\/boern-ved-ringovnen-300x169.jpg 300w, https:\/\/msj.dk\/wp-content\/uploads\/2026\/06\/boern-ved-ringovnen-1024x576.jpg 1024w, https:\/\/msj.dk\/wp-content\/uploads\/2026\/06\/boern-ved-ringovnen-1200x675.jpg 1200w, https:\/\/msj.dk\/wp-content\/uploads\/2026\/06\/boern-ved-ringovnen.jpg 1280w\" sizes=\"(max-width: 800px) 100vw, 800px\" \/>                                        <\/div>\n                                        <div class=\"mtt-image-slider__text-container\">\n                                            <div class=\"mtt-image-slider__text\">Ziegelei Cathrinesminde<\/div>\n                                            <p class=\"mtt-image-slider__desc\">Hier klicken und mehr erfahren<\/p>\n                                        <\/div>\n                                                                                                \n                                                            <\/a>\n                            \n                        \n                                                                                            <a class=\"mtt-image-slider__repeater-item swiper-slide with-link\" href=\"https:\/\/msj.dk\/de\/schloss-sonderburg\/\" >\n                            \n                                                                        <div class=\"mtt-image-slider__image-container object-fit\">\n                                            <img decoding=\"async\" width=\"800\" height=\"545\" src=\"https:\/\/msj.dk\/wp-content\/uploads\/2026\/06\/sonderborg-800x545.jpg\" class=\"mtt-image-slider__image\" alt=\"\" srcset=\"https:\/\/msj.dk\/wp-content\/uploads\/2026\/06\/sonderborg-800x545.jpg 800w, https:\/\/msj.dk\/wp-content\/uploads\/2026\/06\/sonderborg-300x204.jpg 300w, https:\/\/msj.dk\/wp-content\/uploads\/2026\/06\/sonderborg-768x523.jpg 768w, https:\/\/msj.dk\/wp-content\/uploads\/2026\/06\/sonderborg.jpg 881w\" sizes=\"(max-width: 800px) 100vw, 800px\" \/>                                        <\/div>\n                                        <div class=\"mtt-image-slider__text-container\">\n                                            <div class=\"mtt-image-slider__text\">Schloss Sonderburg<\/div>\n                                            <p class=\"mtt-image-slider__desc\">Hier klicken und mehr erfahren<\/p>\n                                        <\/div>\n                                                                                                \n                                                            <\/a>\n                            \n                                            \n                    <\/div>\n                <\/div>\n\n        <\/div>\n    <\/div>\n<\/section><\/div><\/div><\/div><div id=\"panel-29455-0-0-5\" class=\"so-panel widget widget_mtt-text-repeater panel-last-child\" data-index=\"5\" ><div\n\t\t\t\n\t\t\tclass=\"so-widget-mtt-text-repeater so-widget-mtt-text-repeater-base\"\n\t\t\t\n\t\t><div class=\"mtt-text-repeater c_prim_custom_background\">\n    <div class=\"page_container\">\n        <div class=\"mtt-text-repeater__inner\">\n                                <div class=\"mtt-text-repeater__wrapper\">\n                                                    <div class=\"mtt-text-repeater__wrapper--title\">\n                                Adresse                            <\/div>\n                        \n                                                    <div class=\"mtt-text-repeater__wrapper--text\">\n                                <p>Kulturgeschichte Tondern<br \/>\nWegners plads 1<br \/>\n6270 T\u00f8nder<\/p>\n<p>E-mail: toender@msj.dk<\/p>\n                            <\/div>\n                                            <\/div>\n                                    <div class=\"mtt-text-repeater__wrapper\">\n                        \n                                                    <div class=\"mtt-text-repeater__wrapper--text\">\n                                <p>&nbsp;<\/p>\n                            <\/div>\n                                            <\/div>\n                                    <div class=\"mtt-text-repeater__wrapper\">\n                                                    <div class=\"mtt-text-repeater__wrapper--title\">\n                                \u00d6FFNUNGSZEITEN                            <\/div>\n                        \n                                                    <div class=\"mtt-text-repeater__wrapper--text\">\n                                <p>Das Museum ist seit dem 1. September geschlossen, da es umfassend modernisiert wird.<\/p>\n<p>Die Wiederer\u00f6ffnung ist f\u00fcr das Jahr 2028 geplant.<\/p>\n                            <\/div>\n                                            <\/div>\n                        <\/div>\n    <\/div>\n<\/div>\n<\/div><\/div><\/div><\/div><\/div>","protected":false},"excerpt":{"rendered":"<p>Kulturgeschichte Tondern Das Museum ist seit dem 1. September geschlossen, da es umfassend modernisiert wird. Die Wiederer\u00f6ffnung ist f\u00fcr das Jahr 2028 geplant. Kulturgeschichte und Design vereint Das Museum ist seit dem 1. September geschlossen, da es umfassend modernisiert wird. Die Wiederer\u00f6ffnung ist f\u00fcr das Jahr 2028 geplant. Noch mehr entdecken Besuchen Sie auch die [&hellip;]<\/p>\n","protected":false},"author":2,"featured_media":0,"parent":0,"menu_order":0,"comment_status":"closed","ping_status":"closed","template":"","meta":{"_acf_changed":false,"inline_featured_image":false,"footnotes":""},"class_list":["post-29455","page","type-page","status-publish","hentry"],"acf":[],"yoast_head":"<!-- This site is optimized with the Yoast SEO plugin v28.2 - https:\/\/yoast.com\/product\/yoast-seo-wordpress\/ -->\n<title>Kulturgeschichte Tondern - Museum S\u00f8nderjylland<\/title>\n<meta name=\"description\" content=\"Kulturgeschichte Tondern pr\u00e4sentiert d\u00e4nische M\u00f6beldesign von Wegner, Kl\u00f6ppelspitzen, Silber und mehr. Im Caf\u00e9 gibt es d\u00e4nische Kuchen\" \/>\n<meta name=\"robots\" content=\"index, follow, max-snippet:-1, max-image-preview:large, max-video-preview:-1\" \/>\n<link rel=\"canonical\" href=\"https:\/\/msj.dk\/de\/kulturgeschichte-tondern\/\" \/>\n<meta property=\"og:locale\" content=\"de_DE\" \/>\n<meta property=\"og:type\" content=\"article\" \/>\n<meta property=\"og:title\" content=\"Kulturgeschichte Tondern - Museum S\u00f8nderjylland\" \/>\n<meta property=\"og:description\" content=\"Kulturgeschichte Tondern pr\u00e4sentiert d\u00e4nische M\u00f6beldesign von Wegner, Kl\u00f6ppelspitzen, Silber und mehr. Im Caf\u00e9 gibt es d\u00e4nische Kuchen\" \/>\n<meta property=\"og:url\" content=\"https:\/\/msj.dk\/de\/kulturgeschichte-tondern\/\" \/>\n<meta property=\"og:site_name\" content=\"Museum S\u00f8nderjylland\" \/>\n<meta property=\"article:modified_time\" content=\"2026-09-01T07:39:00+00:00\" \/>\n<meta name=\"twitter:card\" content=\"summary_large_image\" \/>\n<meta name=\"twitter:label1\" content=\"Est. reading time\" \/>\n\t<meta name=\"twitter:data1\" content=\"4 minutes\" \/>\n<script type=\"application\/ld+json\" class=\"yoast-schema-graph\">{\"@context\":\"https:\\\/\\\/schema.org\",\"@graph\":[{\"@type\":\"WebPage\",\"@id\":\"https:\\\/\\\/msj.dk\\\/de\\\/kulturgeschichte-tondern\\\/\",\"url\":\"https:\\\/\\\/msj.dk\\\/de\\\/kulturgeschichte-tondern\\\/\",\"name\":\"Kulturgeschichte Tondern - Museum S\u00f8nderjylland\",\"isPartOf\":{\"@id\":\"https:\\\/\\\/msj.dk\\\/#website\"},\"datePublished\":\"2025-04-30T12:49:14+00:00\",\"dateModified\":\"2026-09-01T07:39:00+00:00\",\"description\":\"Kulturgeschichte Tondern pr\u00e4sentiert d\u00e4nische M\u00f6beldesign von Wegner, Kl\u00f6ppelspitzen, Silber und mehr. Im Caf\u00e9 gibt es d\u00e4nische Kuchen\",\"breadcrumb\":{\"@id\":\"https:\\\/\\\/msj.dk\\\/de\\\/kulturgeschichte-tondern\\\/#breadcrumb\"},\"inLanguage\":\"de-DE\",\"potentialAction\":[{\"@type\":\"ReadAction\",\"target\":[\"https:\\\/\\\/msj.dk\\\/de\\\/kulturgeschichte-tondern\\\/\"]}]},{\"@type\":\"BreadcrumbList\",\"@id\":\"https:\\\/\\\/msj.dk\\\/de\\\/kulturgeschichte-tondern\\\/#breadcrumb\",\"itemListElement\":[{\"@type\":\"ListItem\",\"position\":1,\"name\":\"Hjem\",\"item\":\"https:\\\/\\\/msj.dk\\\/de\\\/\"},{\"@type\":\"ListItem\",\"position\":2,\"name\":\"Kulturgeschichte Tondern\"}]},{\"@type\":\"WebSite\",\"@id\":\"https:\\\/\\\/msj.dk\\\/#website\",\"url\":\"https:\\\/\\\/msj.dk\\\/\",\"name\":\"Museum S\u00f8nderjylland\",\"description\":\"\",\"potentialAction\":[{\"@type\":\"SearchAction\",\"target\":{\"@type\":\"EntryPoint\",\"urlTemplate\":\"https:\\\/\\\/msj.dk\\\/?s={search_term_string}\"},\"query-input\":{\"@type\":\"PropertyValueSpecification\",\"valueRequired\":true,\"valueName\":\"search_term_string\"}}],\"inLanguage\":\"de-DE\"}]}<\/script>\n<!-- \/ Yoast SEO plugin. -->","yoast_head_json":{"title":"Kulturgeschichte Tondern - Museum S\u00f8nderjylland","description":"Kulturgeschichte Tondern pr\u00e4sentiert d\u00e4nische M\u00f6beldesign von Wegner, Kl\u00f6ppelspitzen, Silber und mehr. Im Caf\u00e9 gibt es d\u00e4nische Kuchen","robots":{"index":"index","follow":"follow","max-snippet":"max-snippet:-1","max-image-preview":"max-image-preview:large","max-video-preview":"max-video-preview:-1"},"canonical":"https:\/\/msj.dk\/de\/kulturgeschichte-tondern\/","og_locale":"de_DE","og_type":"article","og_title":"Kulturgeschichte Tondern - Museum S\u00f8nderjylland","og_description":"Kulturgeschichte Tondern pr\u00e4sentiert d\u00e4nische M\u00f6beldesign von Wegner, Kl\u00f6ppelspitzen, Silber und mehr. Im Caf\u00e9 gibt es d\u00e4nische Kuchen","og_url":"https:\/\/msj.dk\/de\/kulturgeschichte-tondern\/","og_site_name":"Museum S\u00f8nderjylland","article_modified_time":"2026-09-01T07:39:00+00:00","twitter_card":"summary_large_image","twitter_misc":{"Est. reading time":"4 minutes"},"schema":{"@context":"https:\/\/schema.org","@graph":[{"@type":"WebPage","@id":"https:\/\/msj.dk\/de\/kulturgeschichte-tondern\/","url":"https:\/\/msj.dk\/de\/kulturgeschichte-tondern\/","name":"Kulturgeschichte Tondern - Museum S\u00f8nderjylland","isPartOf":{"@id":"https:\/\/msj.dk\/#website"},"datePublished":"2025-04-30T12:49:14+00:00","dateModified":"2026-09-01T07:39:00+00:00","description":"Kulturgeschichte Tondern pr\u00e4sentiert d\u00e4nische M\u00f6beldesign von Wegner, Kl\u00f6ppelspitzen, Silber und mehr. Im Caf\u00e9 gibt es d\u00e4nische Kuchen","breadcrumb":{"@id":"https:\/\/msj.dk\/de\/kulturgeschichte-tondern\/#breadcrumb"},"inLanguage":"de-DE","potentialAction":[{"@type":"ReadAction","target":["https:\/\/msj.dk\/de\/kulturgeschichte-tondern\/"]}]},{"@type":"BreadcrumbList","@id":"https:\/\/msj.dk\/de\/kulturgeschichte-tondern\/#breadcrumb","itemListElement":[{"@type":"ListItem","position":1,"name":"Hjem","item":"https:\/\/msj.dk\/de\/"},{"@type":"ListItem","position":2,"name":"Kulturgeschichte Tondern"}]},{"@type":"WebSite","@id":"https:\/\/msj.dk\/#website","url":"https:\/\/msj.dk\/","name":"Museum S\u00f8nderjylland","description":"","potentialAction":[{"@type":"SearchAction","target":{"@type":"EntryPoint","urlTemplate":"https:\/\/msj.dk\/?s={search_term_string}"},"query-input":{"@type":"PropertyValueSpecification","valueRequired":true,"valueName":"search_term_string"}}],"inLanguage":"de-DE"}]}},"_links":{"self":[{"href":"https:\/\/msj.dk\/de\/wp-json\/wp\/v2\/pages\/29455","targetHints":{"allow":["GET"]}}],"collection":[{"href":"https:\/\/msj.dk\/de\/wp-json\/wp\/v2\/pages"}],"about":[{"href":"https:\/\/msj.dk\/de\/wp-json\/wp\/v2\/types\/page"}],"author":[{"embeddable":true,"href":"https:\/\/msj.dk\/de\/wp-json\/wp\/v2\/users\/2"}],"replies":[{"embeddable":true,"href":"https:\/\/msj.dk\/de\/wp-json\/wp\/v2\/comments?post=29455"}],"version-history":[{"count":10,"href":"https:\/\/msj.dk\/de\/wp-json\/wp\/v2\/pages\/29455\/revisions"}],"predecessor-version":[{"id":35260,"href":"https:\/\/msj.dk\/de\/wp-json\/wp\/v2\/pages\/29455\/revisions\/35260"}],"wp:attachment":[{"href":"https:\/\/msj.dk\/de\/wp-json\/wp\/v2\/media?parent=29455"}],"curies":[{"name":"wp","href":"https:\/\/api.w.org\/{rel}","templated":true}]}}